{"id":787,"date":"2019-04-26T16:04:24","date_gmt":"2019-04-26T16:04:24","guid":{"rendered":"http:\/\/www.digitalfashion.it\/privacy\/"},"modified":"2019-11-19T13:47:14","modified_gmt":"2019-11-19T13:47:14","slug":"privacy","status":"publish","type":"page","link":"https:\/\/www.digitalfashion.it\/en\/privacy\/","title":{"rendered":"Privacy policy \u00b7 newsletter"},"content":{"rendered":"\n<p class=\"has-small-font-size\"><em>La presente informativa viene resa in ossequio all&#8217;art. 13 del Regolamento 2016\/679 (GDPR), ai sensi dell&#8217;art. 13 del d.lgs. n. 196\/2003 (Codice in materia di protezione dei dati personali) ed \u00e8 relativa a tutti i dati personali trattati secondo le modalit\u00e0 di seguito indicate.<\/em><\/p>\n\n\n\n<p><strong>Il titolare<\/strong><br>Il titolare del trattamento dei dati personali raccolti \u00e8 Sara Savian, sara@digitalfashion.it<br>I  dati di natura personale forniti potranno essere comunicati a  destinatari opportunamente nominati che tratteranno i dati in qualit\u00e0 di  responsabili per il trattamento e\/o in qualit\u00e0 di incaricati, al fine  di ottemperare ai contratti o finalit\u00e0 connesse. L\u2019 elenco  completo dei responsabili del trattamento e degli incaricati al  trattamento dei dati personali pu\u00f2 essere richiesto inviando apposita  richiesta all\u2019indirizzo mail sara@digitalgashion.it<\/p>\n\n\n\n<p><strong>Dati personali raccolti per le seguenti finalit\u00e0 ed utilizzando i seguenti servizi<\/strong><br>\u2022 contattare l&#8217;Utente: PirateForm (nome; cognome; email)<br>\u2022 gestione contatti e invio di messaggi:  Mailchimp (nome; cognome; email)<br>\u2022 registrazione ed autenticazione: WordPress.com Single Sign On (varie tipologie di dati secondo quanto specificato dalla privacy policy del servizio)<br>\u2022 statistica: WordPress Stat (Cookie; dati di utilizzo)<\/p>\n\n\n\n<p><strong>Contenuto incorporato da altri siti web<\/strong><br>Gli articoli su questo sito possono includere contenuti incorporati (ad esempio video, immagini, articoli, ecc.). I contenuti incorporati da altri siti web si comportano esattamente allo stesso modo come se il visitatore avesse visitato l\u2019altro sito web. Questi siti web possono raccogliere dati su di te, usare cookie, integrare ulteriori tracciamenti di terze parti e monitorare l\u2019interazione con essi, incluso il tracciamento della tua interazione con il contenuto incorporato se hai un account e sei connesso a quei siti web. <br>\u2022 Google Fonts (dati di utilizzo; varie tipologie di dati secondo quanto specificato dalla <a href=\"https:\/\/policies.google.com\/privacy\" target=\"_blank\" rel=\"noreferrer noopener\" aria-label=\"privacy policy del servizio (apre in una nuova scheda)\">privacy policy del servizio<\/a>); <br>\u2022 <em>Youtube<\/em> (dati personali raccolti: cookie e dati di utilizzo \u00b7 p<a rel=\"noreferrer noopener\" href=\"https:\/\/www.google.it\/intl\/it\/policies\/privacy\/\" target=\"_blank\">rivacy policy<\/a>)<\/p>\n\n\n\n<p><strong>Modulo dei commenti<\/strong><br>Quando  i visitatori lasciano commenti sul sito, raccogliamo i dati mostrati nel modulo dei commenti oltre all\u2019indirizzo IP del visitatore e la stringa dello user agent del browser per facilitare il rilevamento dello  spam.<br>Una stringa anonimizzata creata a partire dal tuo indirizzo email (altrimenti detta hash) pu\u00f2 essere fornita al servizio Gravatar per vedere se lo stai usando. La privacy policy del servizio Gravatar \u00e8 disponibile qui:  https:\/\/automattic.com\/privacy\/. Dopo l\u2019approvazione del tuo commento,  la tua immagine del profilo \u00e8 visibile al pubblico nel contesto del tuo  commento. Se carichi immagini sul sito web, dovresti evitare di caricare  immagini che includono i dati di posizione incorporati (EXIF GPS). I  visitatori del sito web possono scaricare ed estrarre qualsiasi dato  sulla posizione dalle immagini sul sito web.<\/p>\n\n\n\n<p><strong>Dati raccolti<\/strong><br>I dati personali trattati sono raccolti in quanto forniti direttamente dall\u2019interessato o raccolti automaticamente.<br>I  dati forniti direttamente dall\u2019interessato sono tutti i dati personali  che siano forniti al Titolare del Trattamento con qualsiasi modalit\u00e0,  direttamente dall&#8217;interessato.<br>I  dati raccolti automaticamente sono i dati di navigazione. Tali dati, pur non essendo raccolti al fine di essere associati all\u2019identit\u00e0  dell\u2019utente, potrebbero indirettamente, mediante elaborazione e  associazioni con dati raccolti dal Titolare, consentire la sua  identificazione.<br>In seguito all&#8217;invio di <em>newsletter<\/em>, la piattaforma utilizzata  consente di rilevare l\u2019apertura di un messaggio e i <em>clic<\/em>  effettuati  all&#8217;interno della newsletter stessa, unitamente a dettagli  relativi  all&#8217;ip e al browser\/device utilizzati . La raccolta di questi  dati \u00e8  fondamentale per il funzionamento dei sistemi di rinnovo  implicito del  trattamento (vedi la voce<em> Modalit\u00e0 del Trattamento<\/em>) e  parte integrante  dell&#8217;operativit\u00e0 della piattaforma di invio.<\/p>\n\n\n\n<p><strong>Finalit\u00e0 del trattamento<\/strong><br>Il  conferimento dei dati personali ha come base giuridica del trattamento esigenze contrattuali o precontrattuali o l\u2019adempimento di obblighi  legali ai quali il Titolare del trattamento \u00e8 soggetto. Per tale ragione  l\u2019eventuale rifiuto al trattamento ovvero il mancato, inesatto o parziale conferimento dei dati potrebbe avere come conseguenza  l\u2019impossibilit\u00e0 di una corretta erogazione del servizio o  l\u2019impossibilit\u00e0, per il Titolare, di rispondere alle richieste di  informazioni inviate dall\u2019interessato.<br>Il  conferimento dei dati per le finalit\u00e0 di invio newsletter per scopi  promozionali, commerciali informativi o di ricerca \u00e8 facoltativo ed il  rifiuto a prestare il relativo consenso al Trattamento dar\u00e0 luogo  all\u2019impossibilit\u00e0 di essere aggiornati circa iniziative commerciali e\/o campagne promozionali, di ricevere offerte o altro materiale  promozionale.<\/p>\n\n\n\n<p><strong>Destinatari<\/strong><br>I commenti dei visitatori possono essere controllati attraverso un servizio di rilevamento automatico dello spam.<br>I  dati di natura personale forniti potranno essere comunicati a destinatari opportunamente nominati che tratteranno i dati in qualit\u00e0 di responsabili per il trattamento e\/o in qualit\u00e0 di incaricati.<br>Il Titolare del trattamento non comunica a terzi nessuna delle informazioni degli interessati senza il loro consenso, salvo ove richiesto dalla legge. \u00c8 in ogni caso esclusa la diffusione dei dati personali trattati. L\u2019 elenco completo dei responsabili del trattamento,  dei contitolari e degli incaricati al trattamento dei dati personali pu\u00f2  essere richiesto inviando apposita richiesta all\u2019indirizzo mail  sara@digitalfashion.it<\/p>\n\n\n\n<p><strong>Modalit\u00e0 del trattamento<\/strong><br>I dati personali sono trattati con strumenti automatizzati per il tempo strettamente necessario a conseguire gli scopi per cui sono stati raccolti, prevedendo in ogni caso la verifica annuale dei dati  conservati al fine di cancellare quelli ritenuti obsoleti, salvo che la  legge non preveda obblighi di archiviazione.<br>Il trattamento dei dati avviene di norma presso la sede del Titolare, da personale o collaboratori esterni debitamente designati quali responsabili del trattamento. L\u2019elenco completo dei responsabili del trattamento e degli Incaricati al trattamento dei dati personali pu\u00f2  essere richiesto inviando apposita richiesta all\u2019indirizzo mail  sara@digitalfashion.it<br>Specifiche misure di sicurezza sono osservate per prevenire la perdita dei dati, usi  illeciti o non corretti ed accessi non autorizzati.<br>L&#8217; iscrizione e il trattamento relativo sono ritenuti validi fino alla disiscrizione da parte dell&#8217;utente, presente in ogni email, oppure dopo 12 mesi dall&#8217;ultima comunicazione di cui abbia evidenza di interazione diretta (click, apertura, risposta).<\/p>\n\n\n\n<p><strong>Per quanto tempo conserviamo i tuoi dati<\/strong><br>Se lasci un commento, il commento e i relativi metadati vengono conservati a tempo indeterminato. \u00c8 cos\u00ec che possiamo riconoscere e approvare automaticamente eventuali commenti successivi invece di tenerli in una coda di moderazione.<br>Per gli utenti che si registrano sul nostro sito web (se presenti), memorizziamo anche le informazioni personali che forniscono nel loro profilo utente. Tutti gli utenti possono vedere, modificare o cancellare le loro informazioni personali in qualsiasi momento (eccetto il loro nome utente che non possono cambiare). Gli amministratori del sito web possono anche vedere e modificare queste informazioni.<\/p>\n\n\n\n<p><strong>Diritti dell&#8217;interessato<\/strong><br>Ai sensi degli artt. 15 \u2013 21 del Regolamento UE 2016\/679 a ciascun interessato vengono riconosciuti una serie di diritti.<\/p>\n\n\n\n<ul class=\"wp-block-list\"><li><strong>diritto di accesso:<\/strong> l\u2019interessato, ai sensi dell\u2019art. 15, ha diritto di ottenere la conferma che sia in corso un trattamento di dati personali che lo riguardano e, se del caso, di ottenerne copia. Ha inoltre il diritto di ottenere l\u2019accesso ai dati personali che lo riguardano e a ulteriori informazioni quali la finalit\u00e0 del trattamento, le categorie di destinatari, il periodo di conservazione dei dati e i diritti esercitabili.<\/li><li><strong>diritto di rettifica:<\/strong> l\u2019interessato, ai sensi dell\u2019art. 16, ha diritto di ottenere la rettifica dei dati personali inesatti che lo riguardano o l\u2019integrazione degli stessi.<\/li><li><strong>diritto alla cancellazione:<\/strong> l\u2019interessato ha diritto di ottenere la cancellazione dei dati personali che lo riguardano, senza ingiustificato ritardo, qualora sussista una dei motivi previsti dall\u2019art. 17.<\/li><li><strong>diritto di limitazione di trattamento:<\/strong> l\u2019interessato ha diritto, nei casi previsti dall\u2019art 18 del Regolamento 2016\/679, di ottenere la limitazione del trattamento.<\/li><li><strong>diritto alla portabilit\u00e0 dei dati:<\/strong> l\u2019interessato ha diritto di ricevere in un formato strutturato, di uso comune e leggibile da dispositivo automatico, i dati personali che lo riguardano e ha il diritto di trasmettere tali dati a un altro titolare senza impedimento, secondo quanto previsto dall\u2019art. 20 del Regolamento 2016\/679;<\/li><li><strong>diritto di opposizione al trattamento:<\/strong> l\u2019interessato ha diritto di opporsi al trattamento dei dati personali che lo riguardano secondo quanto previsto dall\u2019art. 21 del Regolamento 2016\/679.L\u2019interessato ha altres\u00ec diritto di proporre reclamo all\u2019Autorit\u00e0 di controllo competente, il Garante della Privacy.<\/li><\/ul>\n\n\n\n<p>Le richieste di cui ai punti precedenti dovranno essere rivolte per iscritto al Titolare del trattamento. Il Titolare del trattamento provveder\u00e0, nei limiti temporali stabiliti dalla vigente normativa, a fornire tempestiva risposta alle richieste di esercizio dei diritti degli interessati. Ogni delucidazione o richiesta di chiarimenti pu\u00f2 essere rivolta per iscritto al Titolare del trattamento.<\/p>\n\n\n\n<p><strong>Aggiornamenti e modifiche<\/strong><br>Il  Titolare del trattamento si riserva il diritto di modificare, integrare  o aggiornare periodicamente la presente Informativa in ossequio alla  normativa applicabile o ai provvedimenti adottati dal Garante per la  Protezione dei dati personali.<br>Le  suddette modifiche o integrazioni saranno portate a conoscenza degli  interessati. Invitiamo gli utenti a prendere visione della Privacy  Policy con regolarit\u00e0, per verificare l\u2019Informativa aggiornata e  decidere se continuare o meno ad usufruire dei servizi offerti.<\/p>\n\n\n\n<p><strong>informazioni di contatto<\/strong><br>Per domande e\/o commenti riguardo la cookie policy e questa dichiarazione, contattaci usando i seguenti dati di contatto: <br>Sara Savian<br>c\/o WeMake, via Stefanardo da Vimercate 27\/5<br>(IT) 20128 Milano<br>sara@digitalfashion.it <\/p>\n","protected":false},"excerpt":{"rendered":"<p>La presente informativa viene resa in ossequio all&#8217;art. 13 del Regolamento 2016\/679 (GDPR), ai sensi dell&#8217;art. 13 del d.lgs. n. 196\/2003 (Codice in materia di protezione dei dati personali) ed \u00e8 relativa a tutti i dati personali trattati secondo le modalit\u00e0 di seguito indicate. Il titolareIl titolare del trattamento dei dati personali raccolti \u00e8 Sara &hellip; <\/p>\n<p class=\"link-more\"><a href=\"https:\/\/www.digitalfashion.it\/en\/privacy\/\" class=\"more-link\">Continue reading<span class=\"screen-reader-text\"> &#8220;Privacy policy \u00b7 newsletter&#8221;<\/span><\/a><\/p>\n","protected":false},"author":4,"featured_media":0,"parent":0,"menu_order":0,"comment_status":"closed","ping_status":"closed","template":"","meta":{"_bbp_topic_count":0,"_bbp_reply_count":0,"_bbp_total_topic_count":0,"_bbp_total_reply_count":0,"_bbp_voice_count":0,"_bbp_anonymous_reply_count":0,"_bbp_topic_count_hidden":0,"_bbp_reply_count_hidden":0,"_bbp_forum_subforum_count":0,"footnotes":""},"class_list":["post-787","page","type-page","status-publish","hentry"],"yoast_head":"<!-- This site is optimized with the Yoast SEO plugin v26.3 - https:\/\/yoast.com\/wordpress\/plugins\/seo\/ -->\n<title>Privacy policy \u00b7 newsletter -<\/title>\n<meta name=\"robots\" content=\"index, follow, max-snippet:-1, max-image-preview:large, max-video-preview:-1\" \/>\n<link rel=\"canonical\" href=\"https:\/\/www.digitalfashion.it\/en\/privacy\/\" \/>\n<meta property=\"og:locale\" content=\"en_US\" \/>\n<meta property=\"og:type\" content=\"article\" \/>\n<meta property=\"og:title\" content=\"Privacy policy \u00b7 newsletter -\" \/>\n<meta property=\"og:description\" content=\"La presente informativa viene resa in ossequio all&#8217;art. 13 del Regolamento 2016\/679 (GDPR), ai sensi dell&#8217;art. 13 del d.lgs. n. 196\/2003 (Codice in materia di protezione dei dati personali) ed \u00e8 relativa a tutti i dati personali trattati secondo le modalit\u00e0 di seguito indicate. Il titolareIl titolare del trattamento dei dati personali raccolti \u00e8 Sara &hellip; Continue reading &quot;Privacy policy \u00b7 newsletter&quot;\" \/>\n<meta property=\"og:url\" content=\"https:\/\/www.digitalfashion.it\/en\/privacy\/\" \/>\n<meta property=\"article:modified_time\" content=\"2019-11-19T13:47:14+00:00\" \/>\n<meta name=\"twitter:card\" content=\"summary_large_image\" \/>\n<meta name=\"twitter:label1\" content=\"Est. reading time\" \/>\n\t<meta name=\"twitter:data1\" content=\"7 minutes\" \/>\n<script type=\"application\/ld+json\" class=\"yoast-schema-graph\">{\"@context\":\"https:\/\/schema.org\",\"@graph\":[{\"@type\":\"WebPage\",\"@id\":\"https:\/\/www.digitalfashion.it\/en\/privacy\/\",\"url\":\"https:\/\/www.digitalfashion.it\/en\/privacy\/\",\"name\":\"Privacy policy \u00b7 newsletter -\",\"isPartOf\":{\"@id\":\"https:\/\/www.digitalfashion.it\/en\/#website\"},\"datePublished\":\"2019-04-26T16:04:24+00:00\",\"dateModified\":\"2019-11-19T13:47:14+00:00\",\"breadcrumb\":{\"@id\":\"https:\/\/www.digitalfashion.it\/en\/privacy\/#breadcrumb\"},\"inLanguage\":\"en-US\",\"potentialAction\":[{\"@type\":\"ReadAction\",\"target\":[[\"https:\/\/www.digitalfashion.it\/en\/privacy\/\"]]}]},{\"@type\":\"BreadcrumbList\",\"@id\":\"https:\/\/www.digitalfashion.it\/en\/privacy\/#breadcrumb\",\"itemListElement\":[{\"@type\":\"ListItem\",\"position\":1,\"name\":\"Home\",\"item\":\"https:\/\/www.digitalfashion.it\/en\/\"},{\"@type\":\"ListItem\",\"position\":2,\"name\":\"Privacy policy \u00b7 newsletter\"}]},{\"@type\":\"WebSite\",\"@id\":\"https:\/\/www.digitalfashion.it\/en\/#website\",\"url\":\"https:\/\/www.digitalfashion.it\/en\/\",\"name\":\"\",\"description\":\"Digital fabrication for fashion\",\"potentialAction\":[{\"@type\":\"SearchAction\",\"target\":{\"@type\":\"EntryPoint\",\"urlTemplate\":\"https:\/\/www.digitalfashion.it\/en\/?s={search_term_string}\"},\"query-input\":{\"@type\":\"PropertyValueSpecification\",\"valueRequired\":true,\"valueName\":\"search_term_string\"}}],\"inLanguage\":\"en-US\"}]}<\/script>\n<!-- \/ Yoast SEO plugin. -->","yoast_head_json":{"title":"Privacy policy \u00b7 newsletter -","robots":{"index":"index","follow":"follow","max-snippet":"max-snippet:-1","max-image-preview":"max-image-preview:large","max-video-preview":"max-video-preview:-1"},"canonical":"https:\/\/www.digitalfashion.it\/en\/privacy\/","og_locale":"en_US","og_type":"article","og_title":"Privacy policy \u00b7 newsletter -","og_description":"La presente informativa viene resa in ossequio all&#8217;art. 13 del Regolamento 2016\/679 (GDPR), ai sensi dell&#8217;art. 13 del d.lgs. n. 196\/2003 (Codice in materia di protezione dei dati personali) ed \u00e8 relativa a tutti i dati personali trattati secondo le modalit\u00e0 di seguito indicate. Il titolareIl titolare del trattamento dei dati personali raccolti \u00e8 Sara &hellip; Continue reading \"Privacy policy \u00b7 newsletter\"","og_url":"https:\/\/www.digitalfashion.it\/en\/privacy\/","article_modified_time":"2019-11-19T13:47:14+00:00","twitter_card":"summary_large_image","twitter_misc":{"Est. reading time":"7 minutes"},"schema":{"@context":"https:\/\/schema.org","@graph":[{"@type":"WebPage","@id":"https:\/\/www.digitalfashion.it\/en\/privacy\/","url":"https:\/\/www.digitalfashion.it\/en\/privacy\/","name":"Privacy policy \u00b7 newsletter -","isPartOf":{"@id":"https:\/\/www.digitalfashion.it\/en\/#website"},"datePublished":"2019-04-26T16:04:24+00:00","dateModified":"2019-11-19T13:47:14+00:00","breadcrumb":{"@id":"https:\/\/www.digitalfashion.it\/en\/privacy\/#breadcrumb"},"inLanguage":"en-US","potentialAction":[{"@type":"ReadAction","target":[["https:\/\/www.digitalfashion.it\/en\/privacy\/"]]}]},{"@type":"BreadcrumbList","@id":"https:\/\/www.digitalfashion.it\/en\/privacy\/#breadcrumb","itemListElement":[{"@type":"ListItem","position":1,"name":"Home","item":"https:\/\/www.digitalfashion.it\/en\/"},{"@type":"ListItem","position":2,"name":"Privacy policy \u00b7 newsletter"}]},{"@type":"WebSite","@id":"https:\/\/www.digitalfashion.it\/en\/#website","url":"https:\/\/www.digitalfashion.it\/en\/","name":"","description":"Digital fabrication for fashion","potentialAction":[{"@type":"SearchAction","target":{"@type":"EntryPoint","urlTemplate":"https:\/\/www.digitalfashion.it\/en\/?s={search_term_string}"},"query-input":{"@type":"PropertyValueSpecification","valueRequired":true,"valueName":"search_term_string"}}],"inLanguage":"en-US"}]}},"_links":{"self":[{"href":"https:\/\/www.digitalfashion.it\/en\/wp-json\/wp\/v2\/pages\/787","targetHints":{"allow":["GET"]}}],"collection":[{"href":"https:\/\/www.digitalfashion.it\/en\/wp-json\/wp\/v2\/pages"}],"about":[{"href":"https:\/\/www.digitalfashion.it\/en\/wp-json\/wp\/v2\/types\/page"}],"author":[{"embeddable":true,"href":"https:\/\/www.digitalfashion.it\/en\/wp-json\/wp\/v2\/users\/4"}],"replies":[{"embeddable":true,"href":"https:\/\/www.digitalfashion.it\/en\/wp-json\/wp\/v2\/comments?post=787"}],"version-history":[{"count":25,"href":"https:\/\/www.digitalfashion.it\/en\/wp-json\/wp\/v2\/pages\/787\/revisions"}],"predecessor-version":[{"id":1234,"href":"https:\/\/www.digitalfashion.it\/en\/wp-json\/wp\/v2\/pages\/787\/revisions\/1234"}],"wp:attachment":[{"href":"https:\/\/www.digitalfashion.it\/en\/wp-json\/wp\/v2\/media?parent=787"}],"curies":[{"name":"wp","href":"https:\/\/api.w.org\/{rel}","templated":true}]}}